{"id":13599,"date":"2024-09-26T07:28:18","date_gmt":"2024-09-26T06:28:18","guid":{"rendered":"https:\/\/efilatelija.posta.rs\/?post_type=product&#038;p=13599"},"modified":"2025-11-29T09:05:42","modified_gmt":"2025-11-29T08:05:42","slug":"100-godina-beogradske-nadbiskupije","status":"publish","type":"product","link":"https:\/\/efilatelija.posta.rs\/en\/product\/100-godina-beogradske-nadbiskupije\/","title":{"rendered":"100 years of the Belgrade Archdiocese"},"content":{"rendered":"<p>In Singidunum, today\u203as Belgrade, there was a bishop,s seat already in the 4<sup>th<\/sup> century AD. The turbulent history of Belgrade over the centuries caused insufficient knowledge about church organization during the early and later Middle Ages, and in later history, we note the presence of titular bishops and apostolic administrators until the 20<sup>th<\/sup>  century.<\/p>\n<p>The Concordat between the Holy See and the Kingdom of Serbia in 1914 provided for the establishment of an archdiocese based in Belgrade, which took place ten years later. The first bishop of the Belgrade Archdiocese was Rafael Rodi\u0107, who entered the ministry in 1924.<\/p>\n<p>Today, the Belgrade Archdiocese, headed by Archbishop Ladislav Nemet as of November 5, 2022, includes Serbia without Vojvodina and consists of around 25,000 believers. It is divided into 16 parishes, five in Belgrade and one each in Valjevo, \u0160abac, Bor, Zaje\u010dar, Ni\u0161, Aleksinac, Kraljevo, Kragujevac Smederevo, Jagodina and Ravna Reka.<\/p>\n<p>The dioceses of Subotica and Zrenjanin belong to the Belgrade archdiocese as suffragan dioceses.<\/p>\n<p>The headquarters of the Belgrade Archdiocese is located in the building of the former Austrian diplomatic mission, which was built in 1884 and represents one of the most significant architectural achievements in Belgrade from the 19<sup>th<\/sup>  century. Conceived in the spirit of then-ruling academicism with neo-Renaissance elements in the treatment of facade details, the one-story building of the Belgrade Archdiocese, together with the chapel from 1888, the garden and the parish office building from 1926, forms a unique spatial and functional unit and bears the status of a cultural monument.<\/p>\n<p>Professional cooperation: for Belgrade Archdiocese, Velimir Martinovi\u0107<\/p>\n<p>Artistic realization of the issue: Miroslav Nikoli\u0107<\/p>","protected":false},"excerpt":{"rendered":"<h3>Commemorative postage stamps<\/h3>\n<p>Year of issue: <strong>2024<\/strong><\/p>","protected":false},"featured_media":13600,"template":"","meta":{"inline_featured_image":false,"pgc_sgb_lightbox_settings":""},"product_brand":[],"product_cat":[96,166,39,40],"product_tag":[],"class_list":{"0":"post-13599","1":"product","2":"type-product","3":"status-publish","4":"has-post-thumbnail","6":"product_cat-godina-izdanja","7":"product_cat-166","8":"product_cat-postanske-marke","9":"product_cat-prigodne-marke","10":"pa_godina-izdanja-167","11":"pa_tema-sakralna-tematika","13":"first","14":"instock","15":"shipping-taxable","16":"purchasable","17":"product-type-simple"},"yoast_head":"<!-- This site is optimized with the Yoast SEO plugin v26.8 - https:\/\/yoast.com\/product\/yoast-seo-wordpress\/ -->\n<title>100 \u0433\u043e\u0434\u0438\u043d\u0430 \u0411\u0435\u043e\u0433\u0440\u0430\u0434\u0441\u043a\u0435 \u043d\u0430\u0434\u0431\u0438\u0441\u043a\u0443\u043f\u0438\u0458\u0435 - \u0435\u0424\u0438\u043b\u0430\u0442\u0435\u043b\u0438\u0458\u0430<\/title>\n<meta name=\"robots\" content=\"index, follow, max-snippet:-1, max-image-preview:large, max-video-preview:-1\" \/>\n<link rel=\"canonical\" href=\"https:\/\/efilatelija.posta.rs\/en\/product\/100-godina-beogradske-nadbiskupije\/\" \/>\n<meta property=\"og:locale\" content=\"en_GB\" \/>\n<meta property=\"og:type\" content=\"article\" \/>\n<meta property=\"og:title\" content=\"100 \u0433\u043e\u0434\u0438\u043d\u0430 \u0411\u0435\u043e\u0433\u0440\u0430\u0434\u0441\u043a\u0435 \u043d\u0430\u0434\u0431\u0438\u0441\u043a\u0443\u043f\u0438\u0458\u0435 - \u0435\u0424\u0438\u043b\u0430\u0442\u0435\u043b\u0438\u0458\u0430\" \/>\n<meta property=\"og:description\" content=\"\u041f\u0440\u0438\u0433\u043e\u0434\u043d\u0430 \u043f\u043e\u0448\u0442\u0430\u043d\u0441\u043a\u0430 \u043c\u0430\u0440\u043a\u0430 \u0413\u043e\u0434\u0438\u043d\u0430 \u0438\u0437\u0434\u0430\u045a\u0430: 2024\" \/>\n<meta property=\"og:url\" content=\"https:\/\/efilatelija.posta.rs\/en\/product\/100-godina-beogradske-nadbiskupije\/\" \/>\n<meta property=\"og:site_name\" content=\"\u0435\u0424\u0438\u043b\u0430\u0442\u0435\u043b\u0438\u0458\u0430\" \/>\n<meta property=\"article:modified_time\" content=\"2025-11-29T08:05:42+00:00\" \/>\n<meta property=\"og:image\" content=\"https:\/\/efilatelija.posta.rs\/wp-content\/uploads\/2024\/09\/801914.jpg\" \/>\n\t<meta property=\"og:image:width\" content=\"800\" \/>\n\t<meta property=\"og:image:height\" content=\"800\" \/>\n\t<meta property=\"og:image:type\" content=\"image\/jpeg\" \/>\n<meta name=\"twitter:card\" content=\"summary_large_image\" \/>\n<meta name=\"twitter:label1\" content=\"Estimated reading time\" \/>\n\t<meta name=\"twitter:data1\" content=\"2 minutes\" \/>\n<script type=\"application\/ld+json\" class=\"yoast-schema-graph\">{\"@context\":\"https:\/\/schema.org\",\"@graph\":[{\"@type\":\"WebPage\",\"@id\":\"https:\/\/efilatelija.posta.rs\/product\/100-godina-beogradske-nadbiskupije\/\",\"url\":\"https:\/\/efilatelija.posta.rs\/product\/100-godina-beogradske-nadbiskupije\/\",\"name\":\"100 \u0433\u043e\u0434\u0438\u043d\u0430 \u0411\u0435\u043e\u0433\u0440\u0430\u0434\u0441\u043a\u0435 \u043d\u0430\u0434\u0431\u0438\u0441\u043a\u0443\u043f\u0438\u0458\u0435 - \u0435\u0424\u0438\u043b\u0430\u0442\u0435\u043b\u0438\u0458\u0430\",\"isPartOf\":{\"@id\":\"https:\/\/efilatelija.posta.rs\/#website\"},\"primaryImageOfPage\":{\"@id\":\"https:\/\/efilatelija.posta.rs\/product\/100-godina-beogradske-nadbiskupije\/#primaryimage\"},\"image\":{\"@id\":\"https:\/\/efilatelija.posta.rs\/product\/100-godina-beogradske-nadbiskupije\/#primaryimage\"},\"thumbnailUrl\":\"https:\/\/efilatelija.posta.rs\/wp-content\/uploads\/2024\/09\/801914.jpg\",\"datePublished\":\"2024-09-26T06:28:18+00:00\",\"dateModified\":\"2025-11-29T08:05:42+00:00\",\"breadcrumb\":{\"@id\":\"https:\/\/efilatelija.posta.rs\/product\/100-godina-beogradske-nadbiskupije\/#breadcrumb\"},\"inLanguage\":\"en-GB\",\"potentialAction\":[{\"@type\":\"ReadAction\",\"target\":[\"https:\/\/efilatelija.posta.rs\/product\/100-godina-beogradske-nadbiskupije\/\"]}]},{\"@type\":\"ImageObject\",\"inLanguage\":\"en-GB\",\"@id\":\"https:\/\/efilatelija.posta.rs\/product\/100-godina-beogradske-nadbiskupije\/#primaryimage\",\"url\":\"https:\/\/efilatelija.posta.rs\/wp-content\/uploads\/2024\/09\/801914.jpg\",\"contentUrl\":\"https:\/\/efilatelija.posta.rs\/wp-content\/uploads\/2024\/09\/801914.jpg\",\"width\":800,\"height\":800,\"caption\":\"2024 100 \u0433\u043e\u0434\u0438\u043d\u0430 \u0411\u0435\u043e\u0433\u0440\u0430\u0434\u0441\u043a\u0435 \u043d\u0430\u0434\u0431\u0438\u0441\u043a\u0443\u043f\u0438\u0458\u0435 \u043f\u0440\u0438\u0433\u043e\u0434\u043d\u0430 \u043f\u043e\u0448\u0442\u0430\u043d\u0441\u043a\u0430 \u043c\u0430\u0440\u043a\u0430\"},{\"@type\":\"BreadcrumbList\",\"@id\":\"https:\/\/efilatelija.posta.rs\/product\/100-godina-beogradske-nadbiskupije\/#breadcrumb\",\"itemListElement\":[{\"@type\":\"ListItem\",\"position\":1,\"name\":\"\u041f\u0440\u043e\u0434\u0430\u0432\u043d\u0438\u0446\u0430\",\"item\":\"https:\/\/efilatelija.posta.rs\/shop\/\"},{\"@type\":\"ListItem\",\"position\":2,\"name\":\"100 \u0433\u043e\u0434\u0438\u043d\u0430 \u0411\u0435\u043e\u0433\u0440\u0430\u0434\u0441\u043a\u0435 \u043d\u0430\u0434\u0431\u0438\u0441\u043a\u0443\u043f\u0438\u0458\u0435\"}]},{\"@type\":\"WebSite\",\"@id\":\"https:\/\/efilatelija.posta.rs\/#website\",\"url\":\"https:\/\/efilatelija.posta.rs\/\",\"name\":\"\u0435\u0424\u0438\u043b\u0430\u0442\u0435\u043b\u0438\u0458\u0430\",\"description\":\"\u041f\u043e\u0448\u0442\u0430 \u0421\u0440\u0431\u0438\u0458\u0435 \u0434.\u043e.\u043e.\",\"publisher\":{\"@id\":\"https:\/\/efilatelija.posta.rs\/#organization\"},\"potentialAction\":[{\"@type\":\"SearchAction\",\"target\":{\"@type\":\"EntryPoint\",\"urlTemplate\":\"https:\/\/efilatelija.posta.rs\/?s={search_term_string}\"},\"query-input\":{\"@type\":\"PropertyValueSpecification\",\"valueRequired\":true,\"valueName\":\"search_term_string\"}}],\"inLanguage\":\"en-GB\"},{\"@type\":\"Organization\",\"@id\":\"https:\/\/efilatelija.posta.rs\/#organization\",\"name\":\"\u0435\u0424\u0438\u043b\u0430\u0442\u0435\u043b\u0438\u0458\u0430 - \u0408\u041f \u041f\u043e\u0448\u0442\u0430 \u0421\u0440\u0431\u0438\u0458\u0435\",\"url\":\"https:\/\/efilatelija.posta.rs\/\",\"logo\":{\"@type\":\"ImageObject\",\"inLanguage\":\"en-GB\",\"@id\":\"https:\/\/efilatelija.posta.rs\/#\/schema\/logo\/image\/\",\"url\":\"https:\/\/efilatelija.posta.rs\/wp-content\/uploads\/2025\/01\/logo-posta-srbije-500x500-1.jpg\",\"contentUrl\":\"https:\/\/efilatelija.posta.rs\/wp-content\/uploads\/2025\/01\/logo-posta-srbije-500x500-1.jpg\",\"width\":500,\"height\":500,\"caption\":\"\u0435\u0424\u0438\u043b\u0430\u0442\u0435\u043b\u0438\u0458\u0430 - \u0408\u041f \u041f\u043e\u0448\u0442\u0430 \u0421\u0440\u0431\u0438\u0458\u0435\"},\"image\":{\"@id\":\"https:\/\/efilatelija.posta.rs\/#\/schema\/logo\/image\/\"}}]}<\/script>\n<!-- \/ Yoast SEO plugin. -->","yoast_head_json":{"title":"100 \u0433\u043e\u0434\u0438\u043d\u0430 \u0411\u0435\u043e\u0433\u0440\u0430\u0434\u0441\u043a\u0435 \u043d\u0430\u0434\u0431\u0438\u0441\u043a\u0443\u043f\u0438\u0458\u0435 - \u0435\u0424\u0438\u043b\u0430\u0442\u0435\u043b\u0438\u0458\u0430","robots":{"index":"index","follow":"follow","max-snippet":"max-snippet:-1","max-image-preview":"max-image-preview:large","max-video-preview":"max-video-preview:-1"},"canonical":"https:\/\/efilatelija.posta.rs\/en\/product\/100-godina-beogradske-nadbiskupije\/","og_locale":"en_GB","og_type":"article","og_title":"100 \u0433\u043e\u0434\u0438\u043d\u0430 \u0411\u0435\u043e\u0433\u0440\u0430\u0434\u0441\u043a\u0435 \u043d\u0430\u0434\u0431\u0438\u0441\u043a\u0443\u043f\u0438\u0458\u0435 - \u0435\u0424\u0438\u043b\u0430\u0442\u0435\u043b\u0438\u0458\u0430","og_description":"\u041f\u0440\u0438\u0433\u043e\u0434\u043d\u0430 \u043f\u043e\u0448\u0442\u0430\u043d\u0441\u043a\u0430 \u043c\u0430\u0440\u043a\u0430 \u0413\u043e\u0434\u0438\u043d\u0430 \u0438\u0437\u0434\u0430\u045a\u0430: 2024","og_url":"https:\/\/efilatelija.posta.rs\/en\/product\/100-godina-beogradske-nadbiskupije\/","og_site_name":"\u0435\u0424\u0438\u043b\u0430\u0442\u0435\u043b\u0438\u0458\u0430","article_modified_time":"2025-11-29T08:05:42+00:00","og_image":[{"width":800,"height":800,"url":"https:\/\/efilatelija.posta.rs\/wp-content\/uploads\/2024\/09\/801914.jpg","type":"image\/jpeg"}],"twitter_card":"summary_large_image","twitter_misc":{"Estimated reading time":"2 minutes"},"schema":{"@context":"https:\/\/schema.org","@graph":[{"@type":"WebPage","@id":"https:\/\/efilatelija.posta.rs\/product\/100-godina-beogradske-nadbiskupije\/","url":"https:\/\/efilatelija.posta.rs\/product\/100-godina-beogradske-nadbiskupije\/","name":"100 \u0433\u043e\u0434\u0438\u043d\u0430 \u0411\u0435\u043e\u0433\u0440\u0430\u0434\u0441\u043a\u0435 \u043d\u0430\u0434\u0431\u0438\u0441\u043a\u0443\u043f\u0438\u0458\u0435 - \u0435\u0424\u0438\u043b\u0430\u0442\u0435\u043b\u0438\u0458\u0430","isPartOf":{"@id":"https:\/\/efilatelija.posta.rs\/#website"},"primaryImageOfPage":{"@id":"https:\/\/efilatelija.posta.rs\/product\/100-godina-beogradske-nadbiskupije\/#primaryimage"},"image":{"@id":"https:\/\/efilatelija.posta.rs\/product\/100-godina-beogradske-nadbiskupije\/#primaryimage"},"thumbnailUrl":"https:\/\/efilatelija.posta.rs\/wp-content\/uploads\/2024\/09\/801914.jpg","datePublished":"2024-09-26T06:28:18+00:00","dateModified":"2025-11-29T08:05:42+00:00","breadcrumb":{"@id":"https:\/\/efilatelija.posta.rs\/product\/100-godina-beogradske-nadbiskupije\/#breadcrumb"},"inLanguage":"en-GB","potentialAction":[{"@type":"ReadAction","target":["https:\/\/efilatelija.posta.rs\/product\/100-godina-beogradske-nadbiskupije\/"]}]},{"@type":"ImageObject","inLanguage":"en-GB","@id":"https:\/\/efilatelija.posta.rs\/product\/100-godina-beogradske-nadbiskupije\/#primaryimage","url":"https:\/\/efilatelija.posta.rs\/wp-content\/uploads\/2024\/09\/801914.jpg","contentUrl":"https:\/\/efilatelija.posta.rs\/wp-content\/uploads\/2024\/09\/801914.jpg","width":800,"height":800,"caption":"2024 100 \u0433\u043e\u0434\u0438\u043d\u0430 \u0411\u0435\u043e\u0433\u0440\u0430\u0434\u0441\u043a\u0435 \u043d\u0430\u0434\u0431\u0438\u0441\u043a\u0443\u043f\u0438\u0458\u0435 \u043f\u0440\u0438\u0433\u043e\u0434\u043d\u0430 \u043f\u043e\u0448\u0442\u0430\u043d\u0441\u043a\u0430 \u043c\u0430\u0440\u043a\u0430"},{"@type":"BreadcrumbList","@id":"https:\/\/efilatelija.posta.rs\/product\/100-godina-beogradske-nadbiskupije\/#breadcrumb","itemListElement":[{"@type":"ListItem","position":1,"name":"\u041f\u0440\u043e\u0434\u0430\u0432\u043d\u0438\u0446\u0430","item":"https:\/\/efilatelija.posta.rs\/shop\/"},{"@type":"ListItem","position":2,"name":"100 \u0433\u043e\u0434\u0438\u043d\u0430 \u0411\u0435\u043e\u0433\u0440\u0430\u0434\u0441\u043a\u0435 \u043d\u0430\u0434\u0431\u0438\u0441\u043a\u0443\u043f\u0438\u0458\u0435"}]},{"@type":"WebSite","@id":"https:\/\/efilatelija.posta.rs\/#website","url":"https:\/\/efilatelija.posta.rs\/","name":"ePhilately","description":"\u041f\u043e\u0448\u0442\u0430 \u0421\u0440\u0431\u0438\u0458\u0435 \u0434.\u043e.\u043e.","publisher":{"@id":"https:\/\/efilatelija.posta.rs\/#organization"},"potentialAction":[{"@type":"SearchAction","target":{"@type":"EntryPoint","urlTemplate":"https:\/\/efilatelija.posta.rs\/?s={search_term_string}"},"query-input":{"@type":"PropertyValueSpecification","valueRequired":true,"valueName":"search_term_string"}}],"inLanguage":"en-GB"},{"@type":"Organization","@id":"https:\/\/efilatelija.posta.rs\/#organization","name":"\u0435\u0424\u0438\u043b\u0430\u0442\u0435\u043b\u0438\u0458\u0430 - \u0408\u041f \u041f\u043e\u0448\u0442\u0430 \u0421\u0440\u0431\u0438\u0458\u0435","url":"https:\/\/efilatelija.posta.rs\/","logo":{"@type":"ImageObject","inLanguage":"en-GB","@id":"https:\/\/efilatelija.posta.rs\/#\/schema\/logo\/image\/","url":"https:\/\/efilatelija.posta.rs\/wp-content\/uploads\/2025\/01\/logo-posta-srbije-500x500-1.jpg","contentUrl":"https:\/\/efilatelija.posta.rs\/wp-content\/uploads\/2025\/01\/logo-posta-srbije-500x500-1.jpg","width":500,"height":500,"caption":"\u0435\u0424\u0438\u043b\u0430\u0442\u0435\u043b\u0438\u0458\u0430 - \u0408\u041f \u041f\u043e\u0448\u0442\u0430 \u0421\u0440\u0431\u0438\u0458\u0435"},"image":{"@id":"https:\/\/efilatelija.posta.rs\/#\/schema\/logo\/image\/"}}]}},"_links":{"self":[{"href":"https:\/\/efilatelija.posta.rs\/en\/wp-json\/wp\/v2\/product\/13599","targetHints":{"allow":["GET"]}}],"collection":[{"href":"https:\/\/efilatelija.posta.rs\/en\/wp-json\/wp\/v2\/product"}],"about":[{"href":"https:\/\/efilatelija.posta.rs\/en\/wp-json\/wp\/v2\/types\/product"}],"wp:featuredmedia":[{"embeddable":true,"href":"https:\/\/efilatelija.posta.rs\/en\/wp-json\/wp\/v2\/media\/13600"}],"wp:attachment":[{"href":"https:\/\/efilatelija.posta.rs\/en\/wp-json\/wp\/v2\/media?parent=13599"}],"wp:term":[{"taxonomy":"product_brand","embeddable":true,"href":"https:\/\/efilatelija.posta.rs\/en\/wp-json\/wp\/v2\/product_brand?post=13599"},{"taxonomy":"product_cat","embeddable":true,"href":"https:\/\/efilatelija.posta.rs\/en\/wp-json\/wp\/v2\/product_cat?post=13599"},{"taxonomy":"product_tag","embeddable":true,"href":"https:\/\/efilatelija.posta.rs\/en\/wp-json\/wp\/v2\/product_tag?post=13599"}],"curies":[{"name":"wp","href":"https:\/\/api.w.org\/{rel}","templated":true}]}}